{"id":351732,"date":"2017-08-28T21:56:48","date_gmt":"2017-08-28T21:56:48","guid":{"rendered":"https:\/\/ishrs.org\/?page_id=351732"},"modified":"2026-05-02T23:54:06","modified_gmt":"2026-05-02T23:54:06","slug":"types-of-hair-loss","status":"publish","type":"page","link":"https:\/\/ishrs.org\/es\/types-of-hair-loss\/","title":{"rendered":"Tipos De P\u00e9rdida De Cabello"},"content":{"rendered":"\n<p>Mucha gente se pregunta qu&eacute; causa la p&eacute;rdida de cabello. Las causas de la p&eacute;rdida de cabello var&iacute;an en funci&oacute;n de varios factores, como la gen&eacute;tica (que suele ser la causa de la calvicie o la alopecia), las enfermedades (como la enfermedad tiroidea) y los medicamentos que pueda estar tomando. La mejor manera de descubrir las causas de la p&eacute;rdida de cabello y averiguar si se pueden prevenir es consultar a un m&eacute;dico.  <\/p>\n\n\n\n<p>Lo que causa la p&eacute;rdida de cabello en hombres y mujeres tambi&eacute;n est&aacute; relacionado con el estilo de vida. Factores como el estr&eacute;s, la exposici&oacute;n a productos qu&iacute;micos o rayos UV, el tabaquismo y el consumo de alcohol pueden influir en el desencadenamiento o la exacerbaci&oacute;n de la p&eacute;rdida de cabello (y tambi&eacute;n pueden afectar a la recuperaci&oacute;n de la cirug&iacute;a de restauraci&oacute;n capilar). Tambi&eacute;n es importante tener en cuenta que ciertos tipos de peinados, como las trenzas, las coletas apretadas y las extensiones de cabello, pueden causar tensi&oacute;n y traumatismos en el fol&iacute;culo piloso, lo que provoca la ca&iacute;da del cabello.  <\/p>\n\n\n\n<h2 class=\"wp-block-heading\">P&eacute;rdida de cabello de patr&oacute;n masculino (alopecia androgen&eacute;tica)<\/h2>\n\n\n\n<p>Esta es la forma m&aacute;s com&uacute;n de p&eacute;rdida de cabello en los hombres, con un riesgo de por vida del 50-70% de todos los hombres, dependiendo del estudio citado. Se caracteriza por la miniaturizaci&oacute;n de los cabellos del cuero cabelludo, en la que los cabellos terminales gruesos son sustituidos por versiones m&aacute;s finas y delgadas de s&iacute; mismos. <\/p>\n\n\n\n<figure class=\"wp-block-image\"><img loading=\"lazy\" decoding=\"async\" width=\"225\" height=\"300\" src=\"https:\/\/luchafight.ishrs.org\/wp-content\/uploads\/2018\/09\/Figure-1-225x300.jpeg\" alt=\"\" class=\"wp-image-3694\" srcset=\"https:\/\/luchafight.ishrs.org\/wp-content\/uploads\/2018\/09\/Figure-1-225x300.jpeg 225w, https:\/\/luchafight.ishrs.org\/wp-content\/uploads\/2018\/09\/Figure-1-450x600.jpeg 450w, https:\/\/luchafight.ishrs.org\/wp-content\/uploads\/2018\/09\/Figure-1.jpeg 480w\" sizes=\"auto, (max-width: 225px) 100vw, 225px\" data-pin-media=\"https:\/\/luchafight.ishrs.org\/wp-content\/uploads\/2018\/09\/Figure-1.jpeg\"><\/figure>\n\n\n\n<p>Adem&aacute;s, se reduce el tiempo que se pasa en la fase an&aacute;gena (de &laquo;crecimiento&raquo;) y aumenta el tiempo que se pasa en la fase tel&oacute;gena (de &laquo;reposo&raquo;) del ciclo capilar. El resultado es la aparici&oacute;n de un cabello m&aacute;s fino, de menor tama&ntilde;o y con un menor n&uacute;mero de fol&iacute;culos. <\/p>\n\n\n\n<p>Esta afecci&oacute;n suele ser hereditaria. La clasificaci&oacute;n de la <a href=\"https:\/\/ishrs.org\/es\/?page_id=351250\" data-type=\"link\" data-id=\"https:\/\/ishrs.org\/androgenetic-alopecia\/\" target=\"_blank\" rel=\"noreferrer noopener\">p&eacute;rdida de cabello de patr&oacute;n masculino<\/a> se describe a menudo utilizando la escala de Hamilton-Norwood de p&eacute;rdida de cabello, que estratifica la gravedad en funci&oacute;n de la zona afectada y el grado de p&eacute;rdida de cabello. Lo m&aacute;s com&uacute;n es que los hombres experimenten p&eacute;rdida de cabello en la l&iacute;nea frontal del cabello y en el v&eacute;rtex (coronilla) del cuero cabelludo. Aunque esta afecci&oacute;n suele ser angustiosa para los pacientes, existen muchas opciones de tratamiento m&eacute;dico y quir&uacute;rgico disponibles.<\/p>\n\n\n\n<p>Actualmente, los &uacute;nicos medicamentos aprobados por la FDA para la p&eacute;rdida de cabello de patr&oacute;n masculino son el minoxidil t&oacute;pico y la finasterida oral. Hoy en d&iacute;a, hay m&aacute;s opciones que nunca para la administraci&oacute;n de minoxidil y finasterida. La finasterida y el minoxidil se pueden combinar como una sola terapia t&oacute;pica, o la finasterida y el minoxidil se pueden administrar como un tratamiento oral combinado. Con el minoxidil oral, hay casos raros de presi&oacute;n arterial baja, palpitaciones card&iacute;acas (sensaci&oacute;n de que el coraz&oacute;n late demasiado r&aacute;pido) e hinchaz&oacute;n en las piernas, y cada uno de estos efectos secundarios se notific&oacute; en aproximadamente el 1% en un estudio multiinstitucional reciente.   <\/p>\n\n\n\n<p>Los medicamentos no sirven para restaurar los cueros cabelludos completamente calvos en la mayor&iacute;a de los casos, pero s&iacute; para ralentizar y revertir los cabellos miniaturizados. La miniaturizaci&oacute;n es el proceso por el cual los cabellos gruesos y terminales se vuelven cada vez m&aacute;s finos y, finalmente, se pierden, que es el principal mecanismo de p&eacute;rdida de cabello en los hombres con p&eacute;rdida de cabello de patr&oacute;n masculino. Recientemente, la dutasterida inyectable ha sido recibida con entusiasmo para controlar la p&eacute;rdida de cabello con un perfil de efectos secundarios de bajo a nulo, seg&uacute;n se informa.  <\/p>\n\n\n\n<p>Varios dispositivos de terapia con luz de baja intensidad (LLLT) est&aacute;n autorizados por la FDA para su uso en el tratamiento de la alopecia androgen&eacute;tica. Otras opciones no indicadas en la etiqueta incluyen la dutasterida oral, la finasterida t&oacute;pica, el minoxidil oral y las inyecciones de plasma rico en plaquetas. <\/p>\n\n\n\n<p>Los agentes de camuflaje tambi&eacute;n son muy populares y eficaces. Se pueden utilizar fibras y aerosoles junto con pastas para cubrir las zonas de calvicie con resultados instant&aacute;neos. <\/p>\n\n\n\n<p>Tambi&eacute;n se pueden fijar al cabello con laca para minimizar la verg&uuml;enza social inadvertida si las fibras se caen sobre la ropa durante la actividad o la lluvia ligera. El champ&uacute; suele desbloquear estas fibras, etc., y las elimina del cuero cabelludo para que puedan volver a aplicarse al d&iacute;a siguiente seg&uacute;n sea necesario. <\/p>\n\n\n\n<p>La cirug&iacute;a de restauraci&oacute;n capilar puede proporcionar a los pacientes una soluci&oacute;n m&aacute;s permanente y espectacular, pero cuanto m&aacute;s joven es el paciente, mayor es el riesgo. El riesgo es que el trasplante de cabello donante permanente, que disminuye a medida que uno envejece, se agote a lo largo de la vida y no pueda seguir el ritmo de la demanda continua de p&eacute;rdida de cabello, dejando al paciente con una situaci&oacute;n dif&iacute;cil, si no imposible, de solucionar. <\/p>\n\n\n\n<p>Por eso siempre es importante reunirse con un cirujano &eacute;tico que pueda orientarle sobre si la cirug&iacute;a ser&iacute;a una v&iacute;a aconsejable para usted, junto con el asesoramiento sobre terapias m&eacute;dicas para ayudar a reducir y ralentizar el proceso de p&eacute;rdida de cabello.<\/p>\n\n\n\n<h2 class=\"wp-block-heading\">P&eacute;rdida de cabello de patr&oacute;n femenino (alopecia androgen&eacute;tica)<\/h2>\n\n\n\n<p>Esta afecci&oacute;n es an&aacute;loga a la que se experimenta en los hombres y tambi&eacute;n es la causa m&aacute;s com&uacute;n de <a href=\"https:\/\/ishrs.org\/female-hair-loss-guide\/\">p&eacute;rdida de cabello en las mujeres<\/a>. Tambi&eacute;n es el resultado de la miniaturizaci&oacute;n del cabello. Sin embargo, mientras que los hombres tienden a experimentar la p&eacute;rdida de cabello en la l&iacute;nea frontal del cabello y el v&eacute;rtex, las mujeres suelen conservar su l&iacute;nea frontal del cabello y, en cambio, tienen una p&eacute;rdida de densidad en los dos tercios frontales del cuero cabelludo.  <\/p>\n\n\n\n<figure class=\"wp-block-image\"><img loading=\"lazy\" decoding=\"async\" width=\"277\" height=\"300\" src=\"https:\/\/luchafight.ishrs.org\/wp-content\/uploads\/2018\/09\/Figure-2-277x300.jpeg\" alt=\"\" class=\"wp-image-3696\" srcset=\"https:\/\/luchafight.ishrs.org\/wp-content\/uploads\/2018\/09\/Figure-2-277x300.jpeg 277w, https:\/\/luchafight.ishrs.org\/wp-content\/uploads\/2018\/09\/Figure-2.jpeg 480w\" sizes=\"auto, (max-width: 277px) 100vw, 277px\" data-pin-media=\"https:\/\/luchafight.ishrs.org\/wp-content\/uploads\/2018\/09\/Figure-2.jpeg\"><\/figure>\n\n\n\n<p>Se clasifica seg&uacute;n la escala de Ludwig I-III y tambi&eacute;n se ha descrito como que se produce en un patr&oacute;n de &laquo;&aacute;rbol de Navidad&raquo; con el ensanchamiento de la parte hacia el frente. Algunas mujeres pueden tener un adelgazamiento muy difuso por todas partes. <\/p>\n\n\n\n<p>Al igual que en la p&eacute;rdida de cabello de patr&oacute;n masculino, esta afecci&oacute;n es muy tratable utilizando una combinaci&oacute;n de enfoques m&eacute;dicos y quir&uacute;rgicos. Para las mujeres, el minoxidil t&oacute;pico es la &uacute;nica terapia m&eacute;dica aprobada por la FDA, pero otros medicamentos como la espironolactona, los anticonceptivos orales, la finasterida y la dutasterida se utilizan con gran &eacute;xito. <\/p>\n\n\n\n<p>Por supuesto, la finasterida y la dutasterida son teratog&eacute;nicas (pueden causar defectos de nacimiento) y deben utilizarse con precauci&oacute;n en mujeres premenop&aacute;usicas. Los dispositivos de terapia con luz de baja intensidad (LLLT) est&aacute;n autorizados por la FDA para su uso en el tratamiento de la p&eacute;rdida de cabello de patr&oacute;n femenino. Al igual que en los hombres, la cirug&iacute;a de trasplante de cabello es una opci&oacute;n segura y eficaz, con resultados m&aacute;s permanentes y espectaculares.  <\/p>\n\n\n\n<p>El &eacute;xito del trasplante de cabello implica la elecci&oacute;n del paciente adecuado: alguien que sea estable en su p&eacute;rdida de cabello, que tenga un cabello donante adecuado, que tenga expectativas realistas de las &aacute;reas espec&iacute;ficas de p&eacute;rdida de cabello que se van a trasplantar y que est&eacute; en terapia m&eacute;dica seg&uacute;n sea necesario.<\/p>\n\n\n\n<p>Debido a la complejidad de la p&eacute;rdida de cabello en las mujeres, a menudo vale la pena una investigaci&oacute;n m&aacute;s profunda sobre las probables causas hormonales que pueden estar contribuyendo a la p&eacute;rdida de cabello.<\/p>\n\n\n\n<p>Por ejemplo, la menstruaci&oacute;n abundante puede provocar una deficiencia de hierro en las mujeres m&aacute;s j&oacute;venes, causando tanto la ca&iacute;da como la p&eacute;rdida de cabello. El hipotiroidismo, que puede afectar a ambos sexos, tambi&eacute;n debe evaluarse como una posible causa de la p&eacute;rdida de cabello para descartarlo. <\/p>\n\n\n\n<p>El an&aacute;lisis de sangre hormonal general tambi&eacute;n es un paso preliminar que vale la pena, incluyendo el estr&oacute;geno, el estradiol, la testosterona, la dihidrotestosterona est&aacute;ndar, pero tambi&eacute;n el sulfato de dehidroepiandrosterona (DHEAS), que es el principal andr&oacute;geno (hormona masculina) en las mujeres.<\/p>\n\n\n\n<p>Las mujeres m&aacute;s j&oacute;venes pueden sufrir el s&iacute;ndrome de ovario poliqu&iacute;stico (SOP) que puede contribuir a la p&eacute;rdida de cabello a trav&eacute;s del desequilibrio hormonal, mientras que las mujeres que se acercan y superan la menopausia pueden tener problemas con el exceso de andr&oacute;genos o la reducci&oacute;n de las hormonas femeninas. La intervenci&oacute;n para controlar los problemas hormonales puede ser una parte valiosa de la terapia para tratar algunos tipos de alopecia de patr&oacute;n femenino. <\/p>\n\n\n\n<h2 class=\"wp-block-heading\">P&eacute;rdida temporal de cabello<\/h2>\n\n\n\n<p>Existen varias causas de <a href=\"https:\/\/ishrs.org\/es\/efluvio-telogeno\/\" data-type=\"link\" data-id=\"https:\/\/ishrs.org\/es\/efluvio-telogeno\/\" target=\"_blank\" rel=\"noreferrer noopener\">calvicie temporal<\/a>. El adelgazamiento temporal del cabello puede ser causado por una serie de condiciones m&eacute;dicas, entre ellas el hipotiroidismo, por ejemplo. Cuando esta condici&oacute;n se trata, el adelgazamiento temporal del cabello se revierte t&iacute;picamente. Es importante consultar a un m&eacute;dico para determinar si esta es o no la causa subyacente. Otras causas potenciales de calvicie temporal incluyen la anestesia general, la fiebre alta, la p&eacute;rdida de peso significativa con desnutrici&oacute;n proteica, el traumatismo f&iacute;sico y la quimioterapia.<\/p>\n\n\n\n<p>La p&eacute;rdida temporal de cabello en las mujeres puede ser causada por una ingesta inadecuada de hierro debido a la menstruaci&oacute;n abundante o despu&eacute;s del embarazo. Este tipo de p&eacute;rdida de cabello puede revertirse con la ayuda de suplementos de hierro y tratamiento m&eacute;dico. Las mujeres tambi&eacute;n pueden experimentar la p&eacute;rdida de cabello a trav&eacute;s de un traumatismo f&iacute;sico como a trav&eacute;s de terapias de peinado como planchas, secados, etc.  <\/p>\n\n\n\n<p>Los altos niveles de estr&eacute;s tambi&eacute;n pueden resultar en calvicie temporal. Aunque este tipo de p&eacute;rdida de cabello temporal no se entiende completamente, los factores emocionales y hormonales pueden resultar en una cantidad anormalmente alta de ca&iacute;da. En general, con la p&eacute;rdida de cabello temporal, estos cabellos vuelven a crecer despu&eacute;s de 3-4 meses.  <\/p>\n\n\n\n<h2 class=\"wp-block-heading\">Alopecia cicatricial primaria (cicatrizante)<\/h2>\n\n\n\n<p>En este grupo de enfermedades, una destrucci&oacute;n inflamatoria de las estructuras del fol&iacute;culo piloso puede conducir a la p&eacute;rdida permanente del cabello. Los principales objetivos del tratamiento son reducir la inflamaci&oacute;n subyacente y los s&iacute;ntomas resultantes de picor, ardor, sensibilidad y p&eacute;rdida de cabello. <\/p>\n\n\n\n<p>Las alopecias cicatriciales primarias pueden distinguirse de las alopecias cicatriciales secundarias, que suelen estar causadas por una agresi&oacute;n externa, como una quemadura qu&iacute;mica o un traumatismo. Las alopecias cicatriciales primarias suelen ser una afecci&oacute;n dermatol&oacute;gica que causa la destrucci&oacute;n del fol&iacute;culo piloso, y el proceso de p&eacute;rdida de cabello debe detenerse mediante terapia m&eacute;dica, ya que estos cabellos destruidos no suelen volver. <\/p>\n\n\n\n<p>Por lo tanto, no se debe permitir que las alopecias cicatriciales primarias queden sin control durante un per&iacute;odo prolongado de tiempo y el diagn&oacute;stico e intervenci&oacute;n urgentes por parte de un dermat&oacute;logo cualificado es obligatorio. En general, el trasplante de cabello en p&eacute;rdidas de cabello cicatriciales, especialmente en estados de enfermedad activa, no es aconsejable, ya que los injertos casi seguro que fracasar&aacute;n. <\/p>\n\n\n\n<p>Por eso, buscar la ayuda de un cirujano\/dermat&oacute;logo capilar experimentado puede ser importante para evitar el trasplante en un proceso de enfermedad que deber&iacute;a ser trasplantado de otra manera.<\/p>\n\n\n\n<h3 class=\"wp-block-heading\">Liquen plano pilaris (LPP)<\/h3>\n\n\n\n<p>Este es un tipo de alopecia cicatricial primaria que se presenta con uno o m&aacute;s parches redondos u ovalados brillantes de p&eacute;rdida de cabello sobre la mitad del cuero cabelludo, los lados del cuero cabelludo o la parte posterior de la cabeza.<\/p>\n\n\n\n<figure class=\"wp-block-image\"><img loading=\"lazy\" decoding=\"async\" width=\"300\" height=\"225\" src=\"https:\/\/luchafight.ishrs.org\/wp-content\/uploads\/2018\/09\/Figure-3-300x225.jpg\" alt=\"\" class=\"wp-image-3699\" srcset=\"https:\/\/luchafight.ishrs.org\/wp-content\/uploads\/2018\/09\/Figure-3-300x225.jpg 300w, https:\/\/luchafight.ishrs.org\/wp-content\/uploads\/2018\/09\/Figure-3-1024x768.jpg 1024w\" sizes=\"auto, (max-width: 300px) 100vw, 300px\" data-pin-media=\"https:\/\/luchafight.ishrs.org\/wp-content\/uploads\/2018\/09\/Figure-3.jpg\"><\/figure>\n\n\n\n<p>Los pacientes pueden quejarse de picor, ardor o sensibilidad. El examen del cuero cabelludo suele revelar eritema perifolicular (enrojecimiento alrededor del fol&iacute;culo) y\/o hiperqueratosis (descamaci&oacute;n) durante las primeras etapas. M&aacute;s tarde, la afecci&oacute;n puede desaparecer y los pacientes pueden tener pocos s&iacute;ntomas o enrojecimiento del cuero cabelludo. La biopsia del cuero cabelludo es &uacute;til para confirmar el diagn&oacute;stico. La patolog&iacute;a del cuero cabelludo revela un infiltrado linfoc&iacute;tico alrededor de la abertura (infund&iacute;bulo) de los fol&iacute;culos pilosos, as&iacute; como una p&eacute;rdida (destrucci&oacute;n) de las gl&aacute;ndulas seb&aacute;ceas. No existe una terapia aprobada por la FDA para esta afecci&oacute;n.     <\/p>\n\n\n\n<p>Las opciones de tratamiento incluyen corticosteroides t&oacute;picos e intralesionales, doxiciclina (utilizada por sus efectos antiinflamatorios), hidroxicloroquina, metotrexato, micofenolato mofetilo e inhibidores orales de la 5-alfa reductasa (finasterida, dutasterida). Existe cierta evidencia de que el medicamento para la diabetes pioglitazona tambi&eacute;n puede ser &uacute;til. <\/p>\n\n\n\n<h3 class=\"wp-block-heading\">Alopecia fibrosante frontal<\/h3>\n\n\n\n<p>La alopecia fibrosante frontal (AFF) es un proceso de enfermedad que s&oacute;lo recientemente se identific&oacute; como una patolog&iacute;a &uacute;nica en las &uacute;ltimas dos d&eacute;cadas y ha mostrado una tendencia creciente en el mundo. Algunas teor&iacute;as han vinculado el uso de protector solar diario o ciertos tipos de productos para el cuidado de la piel a la prevalencia de esta enfermedad, pero ese v&iacute;nculo causal no se ha establecido completamente. <\/p>\n\n\n\n<p>La presentaci&oacute;n de esta enfermedad suele ser un adelgazamiento progresivo de las cejas con la p&eacute;rdida total de los pelos de las cejas seguido de la afectaci&oacute;n de la piel temporal mostrando signos de adelgazamiento, brillo, p&eacute;rdida de color de la piel, y a veces p&aacute;pulas y telangiectasias (vasos sangu&iacute;neos) que luego conduce a la p&eacute;rdida de la l&iacute;nea del cabello. Si se est&aacute; utilizando un protector solar u otro producto diariamente y puede estar implicado en el proceso, el primer paso es dejar de usar este producto y buscar la intervenci&oacute;n dermatol&oacute;gica inmediata para ayudar a retardar y abortar la progresi&oacute;n de esta enfermedad. <\/p>\n\n\n\n<figure class=\"wp-block-image\"><img loading=\"lazy\" decoding=\"async\" width=\"225\" height=\"300\" src=\"https:\/\/luchafight.ishrs.org\/wp-content\/uploads\/2018\/09\/Figure-4a-1-225x300.jpg\" alt=\"\" class=\"wp-image-3702\" srcset=\"https:\/\/luchafight.ishrs.org\/wp-content\/uploads\/2018\/09\/Figure-4a-1-225x300.jpg 225w, https:\/\/luchafight.ishrs.org\/wp-content\/uploads\/2018\/09\/Figure-4a-1-450x600.jpg 450w, https:\/\/luchafight.ishrs.org\/wp-content\/uploads\/2018\/09\/Figure-4a-1-768x1024.jpg 768w, https:\/\/luchafight.ishrs.org\/wp-content\/uploads\/2018\/09\/Figure-4a-1-1152x1536.jpg 1152w, https:\/\/luchafight.ishrs.org\/wp-content\/uploads\/2018\/09\/Figure-4a-1-1536x2048.jpg 1536w, https:\/\/luchafight.ishrs.org\/wp-content\/uploads\/2018\/09\/Figure-4a-1-scaled.jpg 1920w\" sizes=\"auto, (max-width: 225px) 100vw, 225px\" data-pin-media=\"https:\/\/luchafight.ishrs.org\/wp-content\/uploads\/2018\/09\/Figure-4a-1.jpg\"><\/figure>\n\n\n\n<figure class=\"wp-block-image\"><img loading=\"lazy\" decoding=\"async\" width=\"300\" height=\"225\" src=\"https:\/\/luchafight.ishrs.org\/wp-content\/uploads\/2018\/09\/Figure-4b-1-300x225.jpg\" alt=\"\" class=\"wp-image-3703\" srcset=\"https:\/\/luchafight.ishrs.org\/wp-content\/uploads\/2018\/09\/Figure-4b-1-300x225.jpg 300w, https:\/\/luchafight.ishrs.org\/wp-content\/uploads\/2018\/09\/Figure-4b-1-600x450.jpg 600w, https:\/\/luchafight.ishrs.org\/wp-content\/uploads\/2018\/09\/Figure-4b-1-1024x768.jpg 1024w, https:\/\/luchafight.ishrs.org\/wp-content\/uploads\/2018\/09\/Figure-4b-1-768x576.jpg 768w, https:\/\/luchafight.ishrs.org\/wp-content\/uploads\/2018\/09\/Figure-4b-1-1536x1152.jpg 1536w, https:\/\/luchafight.ishrs.org\/wp-content\/uploads\/2018\/09\/Figure-4b-1-2048x1536.jpg 2048w\" sizes=\"auto, (max-width: 300px) 100vw, 300px\" data-pin-media=\"https:\/\/luchafight.ishrs.org\/wp-content\/uploads\/2018\/09\/Figure-4b-1.jpg\"><\/figure>\n\n\n\n<p>Muchos pacientes tambi&eacute;n notan la p&eacute;rdida de cejas, patillas, pelo de los brazos y pelo de las piernas. Pocos pacientes se quejan de picor o sensibilidad, sin embargo, tras una inspecci&oacute;n minuciosa de la l&iacute;nea del cabello, puede haber un ligero eritema (enrojecimiento), as&iacute; como hiperqueratosis (descamaci&oacute;n). El informe de patolog&iacute;a del cuero cabelludo es bastante similar al que se observa en el LPP, mostrando un infiltrado linfoc&iacute;tico alrededor de los fol&iacute;culos pilosos. De nuevo, no existe una terapia aprobada por la FDA, pero los tratamientos de primera l&iacute;nea incluyen corticosteroides t&oacute;picos e intralesionales, doxiciclina (utilizada por sus efectos antiinflamatorios), hidroxicloroquina, metotrexato, micofenolato mofetilo e inhibidores orales de la 5-alfa reductasa (finasterida, dutasterida). Existe cierta evidencia de que el medicamento para la diabetes pioglitazona puede ser &uacute;til.    <\/p>\n\n\n\n<h3 class=\"wp-block-heading\">Alopecia cicatricial centr&iacute;fuga central (ACCC)<\/h3>\n\n\n\n<p>Esta afecci&oacute;n es una p&eacute;rdida de cabello cicatricial que afecta principalmente a individuos de ascendencia africana. La p&eacute;rdida de cabello suele afectar a la l&iacute;nea media en la regi&oacute;n de la coronilla y puede llegar hasta la mitad del cuero cabelludo e incluso afectar a la l&iacute;nea del cabello por separado o en confluencia con las zonas de la coronilla\/mitad del cuero cabelludo. <\/p>\n\n\n\n<p>Inicialmente, la ACCC se denomin&oacute; &laquo;alopecia por peine caliente&raquo;, ya que se pensaba que estaba causada por los m&eacute;todos de peinado utilizados en individuos negros. Entonces, se identific&oacute; que hab&iacute;a un locus gen&eacute;tico espec&iacute;fico que predispon&iacute;a a un individuo a esta enfermedad, espec&iacute;ficamente el gen PADI3. <\/p>\n\n\n\n<p>Hoy en d&iacute;a, se reconoce que la enfermedad es de origen gen&eacute;tico, pero suele estar desencadenada por un est&iacute;mulo ambiental, que bien podr&iacute;a ser un cierto tipo de incidente de peinado que hace que comience.<\/p>\n\n\n\n<figure class=\"wp-block-image\"><img loading=\"lazy\" decoding=\"async\" width=\"225\" height=\"300\" src=\"https:\/\/luchafight.ishrs.org\/wp-content\/uploads\/2018\/09\/Figure-5-1-225x300.jpg\" alt=\"\" class=\"wp-image-3705\" srcset=\"https:\/\/luchafight.ishrs.org\/wp-content\/uploads\/2018\/09\/Figure-5-1-225x300.jpg 225w, https:\/\/luchafight.ishrs.org\/wp-content\/uploads\/2018\/09\/Figure-5-1-450x600.jpg 450w, https:\/\/luchafight.ishrs.org\/wp-content\/uploads\/2018\/09\/Figure-5-1-768x1024.jpg 768w, https:\/\/luchafight.ishrs.org\/wp-content\/uploads\/2018\/09\/Figure-5-1-1152x1536.jpg 1152w, https:\/\/luchafight.ishrs.org\/wp-content\/uploads\/2018\/09\/Figure-5-1-1536x2048.jpg 1536w, https:\/\/luchafight.ishrs.org\/wp-content\/uploads\/2018\/09\/Figure-5-1-scaled.jpg 1920w\" sizes=\"auto, (max-width: 225px) 100vw, 225px\" data-pin-media=\"https:\/\/luchafight.ishrs.org\/wp-content\/uploads\/2018\/09\/Figure-5-1.jpg\"><\/figure>\n\n\n\n<p>Se presenta como un c&iacute;rculo u &oacute;valo de p&eacute;rdida de cabello que aumenta gradualmente en el v&eacute;rtex (coronilla) del cuero cabelludo. Los pacientes tambi&eacute;n pueden quejarse de picor, ardor o sensibilidad en las zonas afectadas. Existe evidencia de que esta afecci&oacute;n puede ser hereditaria y es menos probable que se deba a t&eacute;cnicas de aseo como los relajantes o los peines calientes.  <\/p>\n\n\n\n<p>Para los casos tempranos, una biopsia del cuero cabelludo es &uacute;til para establecer el diagn&oacute;stico y con el fin de iniciar la terapia para prevenir la progresi&oacute;n de la enfermedad. La patolog&iacute;a suele demostrar un infiltrado linfoc&iacute;tico con fibrosis y p&eacute;rdida de gl&aacute;ndulas seb&aacute;ceas. Tambi&eacute;n hay una descamaci&oacute;n prematura de la vaina radicular interna. Las terapias comunes utilizadas son los corticosteroides t&oacute;picos, la doxiciclina oral (por su papel antiinflamatorio) y las inyecciones intralesionales de corticosteroides.   <\/p>\n\n\n\n<h3 class=\"wp-block-heading\">Foliculitis decalvante<\/h3>\n\n\n\n<p>Este tipo de p&eacute;rdida de cabello cicatricial es una afecci&oacute;n cicatricial activa que se caracteriza por la infecci&oacute;n por un organismo bacteriano estafilococo. Por lo general, es m&aacute;s com&uacute;n en hombres j&oacute;venes, pero puede ocurrir a cualquier edad y en cualquier g&eacute;nero. Se manifiesta como mechones de pelos que se congregan en grupos despu&eacute;s de infecciones recurrentes que son de naturaleza purulenta.  <\/p>\n\n\n\n<figure class=\"wp-block-image\"><img loading=\"lazy\" decoding=\"async\" width=\"300\" height=\"200\" src=\"https:\/\/luchafight.ishrs.org\/wp-content\/uploads\/2018\/09\/FIgure-6-300x200.jpeg\" alt=\"\" class=\"wp-image-3706\" srcset=\"https:\/\/luchafight.ishrs.org\/wp-content\/uploads\/2018\/09\/FIgure-6-300x200.jpeg 300w, https:\/\/luchafight.ishrs.org\/wp-content\/uploads\/2018\/09\/FIgure-6-600x400.jpeg 600w, https:\/\/luchafight.ishrs.org\/wp-content\/uploads\/2018\/09\/FIgure-6-1024x682.jpeg 1024w, https:\/\/luchafight.ishrs.org\/wp-content\/uploads\/2018\/09\/FIgure-6-768x512.jpeg 768w, https:\/\/luchafight.ishrs.org\/wp-content\/uploads\/2018\/09\/FIgure-6.jpeg 1280w\" sizes=\"auto, (max-width: 300px) 100vw, 300px\" data-pin-media=\"https:\/\/luchafight.ishrs.org\/wp-content\/uploads\/2018\/09\/FIgure-6.jpeg\"><\/figure>\n\n\n\n<p>Los pacientes desarrollan llagas sensibles y con costras en el cuero cabelludo que pueden evolucionar a parches brillantes redondos u ovalados de p&eacute;rdida de cabello con mechones (agrupaci&oacute;n forzada) de los fol&iacute;culos cercanos. Tambi&eacute;n puede haber una infecci&oacute;n secundaria con bacterias (<em>Staphylococcus<\/em> o <em>Streptococcus<\/em>) u hongos. Se recomiendan cultivos adem&aacute;s de una biopsia del cuero cabelludo para hacer el diagn&oacute;stico. A diferencia de la AFF o el LPP, la biopsia del cuero cabelludo se caracteriza por un infiltrado neutrof&iacute;lico. El tratamiento idealmente implica la eliminaci&oacute;n de cualquier infecci&oacute;n existente, corticosteroides t&oacute;picos o intralesionales, as&iacute; como medicamentos antineutrof&iacute;licos como la dapsona. Tambi&eacute;n se ha utilizado con &eacute;xito la combinaci&oacute;n de rifampicina y clindamicina.     <\/p>\n\n\n\n<h3 class=\"wp-block-heading\">Pseudopelada de Brocq<\/h3>\n\n\n\n<p>Estos parches blancos cicatriciales ocurren m&aacute;s com&uacute;nmente en mujeres de mediana edad y mayores, pero pueden ocurrir en ambos sexos, incluyendo los ni&ntilde;os. Se asemejan a &laquo;huellas en la nieve&raquo; y algunos expertos sostienen que representan una fase agotada de LPP. Estos parches m&aacute;s peque&ntilde;os pueden con el tiempo unirse en &aacute;reas m&aacute;s grandes de p&eacute;rdida de cabello.  <\/p>\n\n\n\n<h3 class=\"wp-block-heading\">Celulitis disecante<\/h3>\n\n\n\n<p>Este tipo de p&eacute;rdida de cabello se presenta casi exclusivamente en hombres j&oacute;venes de ascendencia africana.<\/p>\n\n\n\n<figure class=\"wp-block-image\"><img loading=\"lazy\" decoding=\"async\" width=\"280\" height=\"300\" src=\"https:\/\/luchafight.ishrs.org\/wp-content\/uploads\/2018\/09\/Figure-7-280x300.jpeg\" alt=\"\" class=\"wp-image-3707\" srcset=\"https:\/\/luchafight.ishrs.org\/wp-content\/uploads\/2018\/09\/Figure-7-280x300.jpeg 280w, https:\/\/luchafight.ishrs.org\/wp-content\/uploads\/2018\/09\/Figure-7-560x600.jpeg 560w, https:\/\/luchafight.ishrs.org\/wp-content\/uploads\/2018\/09\/Figure-7-955x1024.jpeg 955w, https:\/\/luchafight.ishrs.org\/wp-content\/uploads\/2018\/09\/Figure-7-768x823.jpeg 768w, https:\/\/luchafight.ishrs.org\/wp-content\/uploads\/2018\/09\/Figure-7.jpeg 960w\" sizes=\"auto, (max-width: 280px) 100vw, 280px\" data-pin-media=\"https:\/\/luchafight.ishrs.org\/wp-content\/uploads\/2018\/09\/Figure-7.jpeg\"><\/figure>\n\n\n\n<p>La afecci&oacute;n comienza con parches fluctuantes y pantanosos sobre el cuero cabelludo, y puede evolucionar a tractos sinusales confluentes que contienen pus est&eacute;ril. La patolog&iacute;a del cuero cabelludo muestra un infiltrado neutrof&iacute;lico, y los cultivos bacterianos o f&uacute;ngicos suelen ser negativos. Por lo general, se trata con antibi&oacute;ticos orales como la doxiciclina o el sulfametoxazol\/trimetoprima. La afecci&oacute;n puede ser bastante dif&iacute;cil de tratar, pero se ha demostrado que los medicamentos biol&oacute;gicos m&aacute;s nuevos, como el adalimumab, ayudan.   <\/p>\n\n\n\n<h3 class=\"wp-block-heading\">Lupus eritematoso discoide (LED)<\/h3>\n\n\n\n<p>El LED es un tipo de lupus eritematoso cut&aacute;neo que favorece la cara, las orejas, el interior de la boca y el cuero cabelludo. El 50% de los individuos con LED tienen afectaci&oacute;n del cuero cabelludo. Es parte del lupus eritematoso sist&eacute;mico (LES) en aproximadamente el 10% de los casos y es una p&eacute;rdida de cabello cicatricial relacionada con la autoinmunidad que se presenta como parches rojos activos de p&eacute;rdida de cabello que t&iacute;picamente no son dolorosos, pero pueden ser ligeramente pruriginosos.  <\/p>\n\n\n\n<p>Tambi&eacute;n conocido como lupus cut&aacute;neo cr&oacute;nico, esta afecci&oacute;n es un proceso autoinmune cicatricial que se limita a la piel y el cabello. Afecta m&aacute;s com&uacute;nmente a pacientes de ascendencia africana, pero tambi&eacute;n puede verse en cauc&aacute;sicos. Cl&aacute;sicamente, se presenta como una o muchas placas rojas escamosas en &aacute;reas expuestas al sol como el cuero cabelludo, las orejas y la cara (Figura 8).  <\/p>\n\n\n\n<figure class=\"wp-block-image\"><img loading=\"lazy\" decoding=\"async\" width=\"300\" height=\"225\" src=\"https:\/\/luchafight.ishrs.org\/wp-content\/uploads\/2018\/09\/Figure-8-300x225.jpeg\" alt=\"\" class=\"wp-image-3708\" srcset=\"https:\/\/luchafight.ishrs.org\/wp-content\/uploads\/2018\/09\/Figure-8-300x225.jpeg 300w, https:\/\/luchafight.ishrs.org\/wp-content\/uploads\/2018\/09\/Figure-8-600x450.jpeg 600w, https:\/\/luchafight.ishrs.org\/wp-content\/uploads\/2018\/09\/Figure-8-1024x768.jpeg 1024w, https:\/\/luchafight.ishrs.org\/wp-content\/uploads\/2018\/09\/Figure-8-768x576.jpeg 768w, https:\/\/luchafight.ishrs.org\/wp-content\/uploads\/2018\/09\/Figure-8.jpeg 1280w\" sizes=\"auto, (max-width: 300px) 100vw, 300px\" data-pin-media=\"https:\/\/luchafight.ishrs.org\/wp-content\/uploads\/2018\/09\/Figure-8.jpeg\"><\/figure>\n\n\n\n<p>Con el tiempo, estas placas se curar&aacute;n con cicatrices deprimidas y cambios pigmentarios. Puede ocurrir la obstrucci&oacute;n folicular con la p&eacute;rdida de cabello, y la patolog&iacute;a del cuero cabelludo muestra un infiltrado linfoc&iacute;tico muy en&eacute;rgico que afecta tanto a la piel como a las estructuras del cabello. <\/p>\n\n\n\n<p>Solo el 5% de los pacientes llega a desarrollar lupus sist&eacute;mico. Los afectados tambi&eacute;n corren un mayor riesgo de desarrollar ciertos tipos de c&aacute;ncer de piel, concretamente el carcinoma de c&eacute;lulas escamosas, en cicatrices cr&oacute;nicas. El tratamiento tiene como objetivo disminuir la inflamaci&oacute;n y la cicatrizaci&oacute;n posterior. Adem&aacute;s de evitar y protegerse del sol, los tratamientos principales incluyen esteroides t&oacute;picos o intralesionales e hidroxicloroquina.   <\/p>\n\n\n\n<h3 class=\"wp-block-heading\">Foliculitis acne keloidalis<\/h3>\n\n\n\n<p>Esta afecci&oacute;n se observa sobre todo en hombres j&oacute;venes de ascendencia africana. Comienza en la nuca con peque&ntilde;os bultos que pican y que se asemejan a cicatrices queloides. Las cicatrices pueden agrandarse y unirse, cubriendo grandes &aacute;reas de la parte posterior del cuero cabelludo.  <\/p>\n\n\n\n<figure class=\"wp-block-image\"><img loading=\"lazy\" decoding=\"async\" width=\"300\" height=\"243\" src=\"https:\/\/luchafight.ishrs.org\/wp-content\/uploads\/2018\/09\/Figure-9-300x243.jpeg\" alt=\"\" class=\"wp-image-3709\" srcset=\"https:\/\/luchafight.ishrs.org\/wp-content\/uploads\/2018\/09\/Figure-9-300x243.jpeg 300w, https:\/\/luchafight.ishrs.org\/wp-content\/uploads\/2018\/09\/Figure-9-600x487.jpeg 600w, https:\/\/luchafight.ishrs.org\/wp-content\/uploads\/2018\/09\/Figure-9-1024x831.jpeg 1024w, https:\/\/luchafight.ishrs.org\/wp-content\/uploads\/2018\/09\/Figure-9-768x623.jpeg 768w, https:\/\/luchafight.ishrs.org\/wp-content\/uploads\/2018\/09\/Figure-9.jpeg 1184w\" sizes=\"auto, (max-width: 300px) 100vw, 300px\" data-pin-media=\"https:\/\/luchafight.ishrs.org\/wp-content\/uploads\/2018\/09\/Figure-9.jpeg\"><\/figure>\n\n\n\n<p>Se ha implicado el traumatismo causado por el corte de pelo como factor contribuyente, sin embargo, todav&iacute;a se considera una alopecia cicatricial primaria. Los tratamientos incluyen corticosteroides t&oacute;picos e intralesionales, retinoides t&oacute;picos y escisi&oacute;n quir&uacute;rgica cuando y si las &aacute;reas se vuelven grandes o antiest&eacute;ticas. <\/p>\n\n\n\n<h3 class=\"wp-block-heading\">Dermatosis pustulosa erosiva<\/h3>\n\n\n\n<p>Esta afecci&oacute;n se conoce menos, pero parece producirse como resultado de un traumatismo qu&iacute;mico o mec&aacute;nico en &aacute;reas de piel da&ntilde;ada por el sol.<\/p>\n\n\n\n<figure class=\"wp-block-image\"><img loading=\"lazy\" decoding=\"async\" width=\"300\" height=\"225\" src=\"https:\/\/luchafight.ishrs.org\/wp-content\/uploads\/2018\/09\/Figure-10-300x225.jpeg\" alt=\"\" class=\"wp-image-3710\" srcset=\"https:\/\/luchafight.ishrs.org\/wp-content\/uploads\/2018\/09\/Figure-10-300x225.jpeg 300w, https:\/\/luchafight.ishrs.org\/wp-content\/uploads\/2018\/09\/Figure-10-600x450.jpeg 600w, https:\/\/luchafight.ishrs.org\/wp-content\/uploads\/2018\/09\/Figure-10-1024x768.jpeg 1024w, https:\/\/luchafight.ishrs.org\/wp-content\/uploads\/2018\/09\/Figure-10-768x576.jpeg 768w, https:\/\/luchafight.ishrs.org\/wp-content\/uploads\/2018\/09\/Figure-10.jpeg 1280w\" sizes=\"auto, (max-width: 300px) 100vw, 300px\" data-pin-media=\"https:\/\/luchafight.ishrs.org\/wp-content\/uploads\/2018\/09\/Figure-10.jpeg\"><\/figure>\n\n\n\n<p>En la literatura se han notificado casos de pacientes con antecedentes de cirug&iacute;a de c&aacute;ncer de piel (Mohs), radiaci&oacute;n o quimioterapia con 5-fluorouracilo o imiquimod. La patolog&iacute;a del cuero cabelludo demuestra un infiltrado inflamatorio mixto a menudo con colonizaci&oacute;n bacteriana secundaria. La afecci&oacute;n suele mejorar con esteroides t&oacute;picos de alta potencia como el clobetasol y la eliminaci&oacute;n de cualquier infecci&oacute;n.  <\/p>\n\n\n\n<h3 class=\"wp-block-heading\">Alopecias cicatriciales (con cicatrizaci&oacute;n) secundarias<\/h3>\n\n\n\n<ul class=\"wp-block-list\">\n<li><em><strong>Causas traum&aacute;ticas<\/strong> &ndash; <\/em>La p&eacute;rdida permanente de cabello puede ser el resultado de traumatismos por accidentes de tr&aacute;fico, cirug&iacute;a cerebral o del cuero cabelludo, quemaduras, cirug&iacute;a est&eacute;tica como lifting facial o de cejas, o incluso cirug&iacute;a capilar previa. En la mayor&iacute;a de los casos, se pueden tratar con un trasplante de cabello, aunque cada paciente debe ser evaluado cuidadosamente antes de la cirug&iacute;a. <\/li>\n\n\n\n<li><strong>\n  <em>Infecci&oacute;n<\/em>\n<\/strong>: la infecci&oacute;n rara vez puede contribuir a la p&eacute;rdida permanente de cabello, si es de larga duraci&oacute;n en pacientes propensos a la formaci&oacute;n de queloides (cicatrices). Un ejemplo podr&iacute;a ser la formaci&oacute;n de queri&oacute;n (ti&ntilde;a capitis inflamatoria). <\/li>\n<\/ul>\n\n\n\n<h3 class=\"wp-block-heading\">Efluvio tel&oacute;geno<\/h3>\n\n\n\n<p>Se define como una ca&iacute;da difusa del cabello debida a cualquier acontecimiento fisiol&oacute;gicamente estresante importante. La causa m&aacute;s com&uacute;n es el parto, en el que las mujeres desarrollan una ca&iacute;da masiva del cabello entre 3 y 6 meses despu&eacute;s del nacimiento del beb&eacute;. Otros ejemplos son la fiebre alta, las dietas dr&aacute;sticas o la p&eacute;rdida r&aacute;pida de peso, la anestesia general o las enfermedades u hospitalizaciones prolongadas. Los trastornos hormonales o tiroideos tambi&eacute;n pueden contribuir, al igual que las deficiencias nutricionales o ciertos medicamentos. El efluvio tel&oacute;geno tambi&eacute;n puede ser el resultado de acontecimientos importantes de la vida, como la muerte de un ser querido, el divorcio o las p&eacute;rdidas econ&oacute;micas.    <\/p>\n\n\n\n<p><strong>M&aacute;s informaci&oacute;n<\/strong>: <a href=\"https:\/\/ishrs.org\/es\/efluvio-telogeno\/\" data-type=\"link\" data-id=\"https:\/\/ishrs.org\/es\/efluvio-telogeno\/\" target=\"_blank\" rel=\"noreferrer noopener\">efluvio tel&oacute;geno: una gu&iacute;a para la p&eacute;rdida temporal del cabello<\/a><\/p>\n\n\n\n<h3 class=\"wp-block-heading\">Causas hormonales<\/h3>\n\n\n\n<p>Empezar o dejar de tomar anticonceptivos puede provocar la ca&iacute;da del cabello. Muchas mujeres sufren el s&iacute;ndrome de ovario poliqu&iacute;stico (SOP) o hiperandrogenismo debido a otras causas (suplementos ex&oacute;genos de testosterona en mujeres posmenop&aacute;usicas, o el uso de un progest&aacute;geno androg&eacute;nico en el contexto del control de la natalidad). Estas formas de p&eacute;rdida de cabello a menudo pueden abordarse cesando la suplementaci&oacute;n androg&eacute;nica o a&ntilde;adiendo espironolactona oral, que es un diur&eacute;tico con propiedades antiandrog&eacute;nicas. Ciertas p&iacute;ldoras anticonceptivas que contienen drospirenona tambi&eacute;n pueden ser &uacute;tiles.   <\/p>\n\n\n\n<h3 class=\"wp-block-heading\">Trastorno tiroideo<\/h3>\n\n\n\n<p>Los pacientes con hiper- o hipotiroidismo no tratados pueden presentar ca&iacute;da del cabello. Tambi&eacute;n pueden notar un adelgazamiento o p&eacute;rdida de las cejas. <\/p>\n\n\n\n<h3 class=\"wp-block-heading\">Deficiencias nutricionales<\/h3>\n\n\n\n<p>Los niveles bajos de hierro, zinc y <a href=\"https:\/\/ishrs.org\/vitamin-d-deficiency\/\" data-type=\"link\" data-id=\"https:\/\/ishrs.org\/vitamin-d-deficiency\/\" target=\"_blank\" rel=\"noreferrer noopener\">vitamina D<\/a> se han relacionado con la ca&iacute;da del cabello en la literatura m&eacute;dica.<\/p>\n\n\n\n<h3 class=\"wp-block-heading\">Medicamentos<\/h3>\n\n\n\n<p>Las dosis altas de vitamina A, isotretino&iacute;na y ciertos f&aacute;rmacos cardiovasculares como los betabloqueantes (metoprolol, propranolol) y la heparina de bajo peso molecular (y, con menos frecuencia, la warfarina) se han relacionado con la ca&iacute;da del cabello. Existe cierta evidencia de que los mismos pacientes que desarrollan la ca&iacute;da del cabello tambi&eacute;n est&aacute;n gen&eacute;ticamente predispuestos a las enfermedades cardiovasculares, en cuyo caso los f&aacute;rmacos pueden tener m&aacute;s un efecto de confusi&oacute;n que un efecto causal. Para concluir que un medicamento es responsable de la ca&iacute;da del cabello, una persona debe dejar de tomar el f&aacute;rmaco, dejar pasar de 3 a 6 meses para ver si la ca&iacute;da se resuelve y, a continuaci&oacute;n (si est&aacute; dispuesta), volver a tomar el f&aacute;rmaco para ver si la ca&iacute;da se repite. Este proceso puede tardar de 6 a 12 meses en evaluarse por completo. Los pacientes deben consultar con su m&eacute;dico antes de interrumpir cualquier medicamento para evitar efectos potencialmente peligrosos.    <\/p>\n\n\n\n<h3 class=\"wp-block-heading\">Efluvio an&aacute;geno<\/h3>\n\n\n\n<p>Este tipo de ca&iacute;da del cabello se produce debido a una interrupci&oacute;n del ciclo de crecimiento del cabello mientras se encuentra en su fase de crecimiento activo (an&aacute;gena). Ocurre con mayor frecuencia despu&eacute;s de ciertas formas de quimioterapia. La ca&iacute;da del cabello comienza en cuesti&oacute;n de 2 a 4 semanas despu&eacute;s de comenzar la terapia. En la mayor&iacute;a de los casos, la ca&iacute;da del cabello es temporal, pero para otros el cabello puede volver a crecer solo escasamente o con una textura o calibre permanentemente alterados. Ciertos f&aacute;rmacos de quimioterapia como el busulf&aacute;n y la ciclofosfamida se han asociado con la ca&iacute;da permanente del cabello. Se ha demostrado que el uso concurrente de minoxidil t&oacute;pico retrasa la ca&iacute;da del cabello y acelera su crecimiento posterior.     <\/p>\n\n\n\n<h3 class=\"wp-block-heading\">Alopecia areata<\/h3>\n\n\n\n<p>Se trata de una forma autoinmune de ca&iacute;da del cabello que se presenta con peque&ntilde;as placas redondas u ovaladas en el cuero cabelludo, pero que puede afectar a zonas m&aacute;s grandes y confluentes, as&iacute; como a las cejas, las pesta&ntilde;as y el vello corporal. Se presenta con mayor frecuencia en la infancia, pero puede ocurrir a cualquier edad. Los fol&iacute;culos pilosos pierden su privilegio inmunitario habitual y son atacados por los linfocitos (c&eacute;lulas T). Tambi&eacute;n puede haber una orientaci&oacute;n de los melanocitos (c&eacute;lulas pigmentarias) asociados a los fol&iacute;culos, lo que da lugar a un nuevo crecimiento blanco (poliosis). La alopecia total es la p&eacute;rdida de todo el cabello del cuero cabelludo, mientras que los pacientes que pierden todo el vello corporal tambi&eacute;n desarrollan alopecia universal. Ophiasis es el t&eacute;rmino utilizado para describir la p&eacute;rdida de cabello en el cuero cabelludo occipital, y puede ser muy dif&iacute;cil de tratar. Las terapias de primera l&iacute;nea incluyen corticosteroides t&oacute;picos e intralesionales, pero los casos m&aacute;s graves o de larga duraci&oacute;n pueden requerir una terapia sist&eacute;mica incluso inmunosupresora como el metotrexato o la prednisona. Cada vez se utilizan m&aacute;s inhibidores de JAK en el tratamiento de la alopecia areata. Sin embargo, muchos casos se resuelven espont&aacute;neamente sin ning&uacute;n tratamiento.         <span style=\"text-decoration: underline\"><a href=\"https:\/\/www.naaf.org\" target=\"_blank\" rel=\"noopener noreferrer nofollow\">https:\/\/www.naaf.org<\/a><\/span><\/p>\n\n\n\n<p><strong>M&aacute;s informaci&oacute;n<\/strong>: <a href=\"https:\/\/ishrs.org\/es\/alopecia-areata\/\" data-type=\"link\" data-id=\"https:\/\/ishrs.org\/es\/alopecia-areata\/\" target=\"_blank\" rel=\"noreferrer noopener\">alopecia areata: una gu&iacute;a para la p&eacute;rdida de cabello en parches<\/a><\/p>\n\n\n\n<h3 class=\"wp-block-heading\">Alopecia triangular cong&eacute;nita<\/h3>\n\n\n\n<p>Tambi&eacute;n conocida como alopecia triangular temporal, esta forma de alopecia se localiza en el cuero cabelludo frontotemporal. Suele aparecer en la primera infancia y puede presentarse en diversas formas a lo largo de las l&iacute;neas frontales y laterales del cabello, incluyendo triangular, en forma de lanceta o ovoide. No hay inflamaci&oacute;n ni cicatrizaci&oacute;n en esta condici&oacute;n. En la patolog&iacute;a del cuero cabelludo, el n&uacute;mero de fol&iacute;culos pilosos es normal, pero muchos est&aacute;n miniaturizados. El pilar del tratamiento para los adultos es la cirug&iacute;a de restauraci&oacute;n capilar    <\/p>\n\n\n\n<h2 class=\"wp-block-heading\">Causas traum&aacute;ticas<\/h2>\n\n\n\n<h3 class=\"wp-block-heading\">Tricotiloman&iacute;a<\/h3>\n\n\n\n<p>Esta afecci&oacute;n es el resultado de un rascado o tir&oacute;n compulsivo del cabello. Debido a que es de causa conductual, se considera un diagn&oacute;stico psiqui&aacute;trico, y entra dentro del &aacute;mbito de la enfermedad obsesivo-compulsiva. Por lo general, se presenta en la infancia o la adolescencia y puede persistir hasta la edad adulta. Es muy dif&iacute;cil de tratar sin la ayuda de un consejero y\/o medicamentos psiqui&aacute;tricos.   <\/p>\n\n\n\n<p>Existe cierta evidencia de que la N-acetilciste&iacute;na, que interact&uacute;a con el receptor GABA, puede ayudar a abordar esta condici&oacute;n. Un nuevo m&eacute;todo novedoso para tratar este trastorno que ha ayudado a muchos pacientes es el uso de un rodillo microd&eacute;rmico en el &aacute;rea de tir&oacute;n de cabello deseada que puede simular la sensaci&oacute;n de tir&oacute;n de cabello, pero en realidad mejorar el crecimiento del cabello en lugar de causar la p&eacute;rdida de cabello. <\/p>\n\n\n\n<p>El trasplante de cabello es solo una posibilidad para alguien con una enfermedad controlada que generalmente involucra tanto la terapia m&eacute;dica como el asesoramiento psiqui&aacute;trico y solo debe progresar cuando alguien est&aacute; estable tanto f&iacute;sica como psicol&oacute;gicamente y tiene pleno conocimiento de que el tir&oacute;n de cabello continuo destruir&aacute; el resultado trasplantado.<\/p>\n\n\n\n<h3 class=\"wp-block-heading\">Alopecia por tracci&oacute;n<\/h3>\n\n\n\n<p>Este tipo de p&eacute;rdida de cabello se presenta con rotura y adelgazamiento a lo largo de la l&iacute;nea frontal del cabello y los lados, que se observa con mayor frecuencia en mujeres de ascendencia africana. Puede ocurrir debido a trenzas apretadas, tejidos cosidos o pegados, o pelucas, pero puede ocurrir en cualquier entorno donde el cabello se tira muy apretado, como gimnastas u hombres sij que se dejan crecer el cabello muy largo. <\/p>\n\n\n\n<p>Por lo general, si la afecci&oacute;n ha causado la p&eacute;rdida permanente del cabello, entonces el trasplante de cabello suele ser la &uacute;nica soluci&oacute;n, que puede funcionar muy bien ya que este tipo de p&eacute;rdida de cabello no es cicatrizante. Sin embargo, la alopecia por tracci&oacute;n puede imitar otros tipos de p&eacute;rdida de cabello que son cicatrizantes por naturaleza, como la alopecia fibrosante frontal o la alopecia cicatricial centr&iacute;fuga central, que ser&iacute;an mucho menos susceptibles al trasplante. <\/p>\n\n\n\n<p>Reunirse con un dermat&oacute;logo calificado y\/o cirujano capilar puede ayudar a distinguir entre estas afecciones, y se puede recurrir a una biopsia solo cuando sea necesario bajo cualquier nivel de sospecha de diagn&oacute;stico err&oacute;neo.<\/p>\n\n\n\n<h3 class=\"wp-block-heading\">Alopecia inducida por presi&oacute;n<\/h3>\n\n\n\n<p>Esto puede ocurrir en casos de reposo prolongado en cama o en beb&eacute;s que pasan mucho tiempo descansando sobre su espalda. Tambi&eacute;n puede ocurrir en pacientes que se han sometido a procedimientos quir&uacute;rgicos prolongados, exponiendo un lado de su cuero cabelludo al contacto prolongado con la mesa de operaciones. <\/p>\n\n\n\n<p>Por lo general, los pacientes notar&aacute;n un parche circular de p&eacute;rdida de cabello casi completa y claramente demarcado unas semanas despu&eacute;s de que se haya aplicado presi&oacute;n. La mayor&iacute;a experimenta un nuevo crecimiento completo. <\/p>\n\n\n\n<h3 class=\"wp-block-heading\">Alopecia inducida por radiaci&oacute;n<\/h3>\n\n\n\n<p>Esta p&eacute;rdida de cabello puede ser el resultado de tratamientos de radiaci&oacute;n en el cuero cabelludo y puede resultar en la p&eacute;rdida permanente del cabello. Por lo general, es susceptible a la cirug&iacute;a de restauraci&oacute;n capilar. <\/p>\n\n\n\n<h3 class=\"wp-block-heading\">Tricorrexis nudosa<\/h3>\n\n\n\n<p>Esto se refiere a una simple rotura del tallo del cabello. Se adquiere por t&eacute;cnicas de aseo excesivamente agresivas (planchas, reflejos o relajantes) o se hereda como un defecto cong&eacute;nito (aciduria arginosucc&iacute;nica, citrulinemia, s&iacute;ndrome de Menkes). La presentaci&oacute;n puede imitar el efluvio tel&oacute;geno debido al volumen de cabello que se encuentra en la almohada, el piso o la ducha. El examen microsc&oacute;pico da la apariencia de &laquo;palos de escoba pegados&raquo; de extremo a extremo. Si bien no existe una cura definitiva, el tratamiento tiene como objetivo minimizar el da&ntilde;o al tallo del cabello e incluye evitar los productos qu&iacute;micos y las herramientas de calentamiento.    <\/p>\n\n\n\n<h3 class=\"wp-block-heading\">Tricorrexis invaginata<\/h3>\n\n\n\n<p>Esta afecci&oacute;n tambi&eacute;n se conoce como cabello de bamb&uacute; y se caracteriza por anomal&iacute;as de bola y cavidad del tallo del cabello. Es una afecci&oacute;n rara, que ocurre en el s&iacute;ndrome de Netherton en asociaci&oacute;n con ictiosis linearis cirumflexa. Tambi&eacute;n se asocia con la atop&iacute;a. Por lo general, se presenta en la infancia con cabello corto y escaso en el cuero cabelludo, pero tambi&eacute;n afecta con frecuencia a las cejas.   <\/p>\n\n\n\n<h3 class=\"wp-block-heading\">Moniletrix<\/h3>\n\n\n\n<p>Esto tambi&eacute;n se conoce como cabello de collar, en el que el cabello tiene una apariencia con cuentas. Se hereda de forma autos&oacute;mica dominante y da como resultado pelos cortos y rotos, generalmente en la primera infancia, pero tambi&eacute;n puede comenzar despu&eacute;s de la pubertad <\/p>\n\n\n\n<h3 class=\"wp-block-heading\">Pili torti<\/h3>\n\n\n\n<p>Este es un trastorno raro donde el tallo del cabello se aplana con torsi&oacute;n en su eje. Los pelos afectados suelen ser quebradizos y propensos a la rotura. Puede ocurrir solo o en el contexto del s&iacute;ndrome de Menkes.  <\/p>\n\n\n\n<h3 class=\"wp-block-heading\">Cabello de vidrio hilado<\/h3>\n\n\n\n<p>Esta afecci&oacute;n tambi&eacute;n se conoce como pili trianguli et canaliculi o cabello incontrolable. Los pacientes tienen el cabello seco, r&iacute;gido, rubio plateado que sobresale directamente del cuero cabelludo y tiene la apariencia de vidrio hilado. Se presenta en la infancia y generalmente se resuelve en la adolescencia.  <\/p>\n\n\n\n<h3 class=\"wp-block-heading\">S&iacute;ndrome de an&aacute;geno suelto<\/h3>\n\n\n\n<p>Esta afecci&oacute;n se observa con mayor frecuencia en ni&ntilde;as con cabello rubio corto que rara vez necesita corte. Hay p&eacute;rdida de cabello difusa o irregular y los padres pueden notar una ca&iacute;da constante. El examen microsc&oacute;pico muestra una cut&iacute;cula proximal con volantes. No hay anomal&iacute;as asociadas subyacentes y los ni&ntilde;os generalmente son saludables por lo dem&aacute;s. La mayor&iacute;a de los casos mejorar&aacute;n espont&aacute;neamente en la edad adulta.    <\/p>\n\n\n\n<h3 class=\"wp-block-heading\">S&iacute;ndrome de an&aacute;geno corto<\/h3>\n\n\n\n<p>Como su nombre lo describe, la afecci&oacute;n se presenta con un ciclo de crecimiento del cabello acortado, de modo que los pelos no alcanzan su longitud completa y rara vez requieren corte. Es cong&eacute;nito, pero hay informes de casos familiares que sugieren un patr&oacute;n de herencia autos&oacute;mico dominante. Por lo general, se diagnostica en ni&ntilde;os peque&ntilde;os de 2 a 4 a&ntilde;os.  <\/p>\n\n\n\n<h3 class=\"wp-block-heading\">S&iacute;filis<\/h3>\n\n\n\n<p>Esta afecci&oacute;n es causada por la transmisi&oacute;n sexual de bacterias (<em>Treponema Pallidum)<\/em>. Conocida como la &laquo;Gran Imitadora&raquo; debido a su capacidad para parecerse a muchas otras afecciones dermatol&oacute;gicas, la s&iacute;filis puede manifestarse como algunas formas diferentes de p&eacute;rdida de cabello. Cl&aacute;sicamente, se asocia con una alopecia irregular, &laquo;aparentando haber sido comida por polillas&raquo;, sin embargo, tambi&eacute;n puede presentarse con una ca&iacute;da difusa, similar al efluvio tel&oacute;geno. Microsc&oacute;picamente, generalmente hay un infiltrado inflamatorio con linfocitos y c&eacute;lulas plasm&aacute;ticas. El tratamiento consiste en una sola dosis de penicilina intramuscular.    <\/p>\n\n\n\n<h3 class=\"wp-block-heading\">Ti&ntilde;a capitis<\/h3>\n\n\n\n<p>Esta afecci&oacute;n es causada por una infecci&oacute;n f&uacute;ngica del cuero cabelludo, que ocurre con mayor frecuencia en los ni&ntilde;os. La mayor&iacute;a de los casos se remontan a algunos organismos f&uacute;ngicos diferentes, conocidos como dermatofitos, que pueden afectar la piel, el cabello y las u&ntilde;as. La picaz&oacute;n significativa es una de las quejas m&aacute;s comunes y los pacientes generalmente experimentan descamaci&oacute;n del cuero cabelludo que puede estar asociada con pelos rotos (apariencia de &laquo;punto negro&raquo;) y posible alopecia. Debido a que es tan com&uacute;n en los ni&ntilde;os, la ti&ntilde;a capitis debe sospecharse en cualquier caso de p&eacute;rdida de cabello infantil. El diagn&oacute;stico generalmente se confirma con un cultivo f&uacute;ngico, que puede tardar varias semanas en crecer. El tratamiento definitivo es con medicamentos antimic&oacute;ticos orales como la terbinafina o la griseofulvina.     <\/p>\n\n\n\n<h3 class=\"wp-block-heading\">Foliculitis decalvante<\/h3>\n\n\n\n<p>Este tipo de p&eacute;rdida de cabello es una afecci&oacute;n cicatrizante activa que presenta infecci&oacute;n por un organismo bacteriano estafiloc&oacute;cico. Por lo general, es m&aacute;s com&uacute;n en hombres j&oacute;venes, pero puede ocurrir a cualquier edad y en cualquier g&eacute;nero. Se manifiesta como mechones de pelos que se congregan en racimos despu&eacute;s de infecciones recurrentes que son de naturaleza purulenta.  <\/p>\n\n\n\n<h3 class=\"wp-block-heading\">Aplasia cutis cong&eacute;nita del cuero cabelludo<\/h3>\n\n\n\n<p>Este es un defecto cong&eacute;nito aislado en la piel, m&aacute;s com&uacute;nmente en el cuero cabelludo. Se presenta al nacer como una erosi&oacute;n, ulceraci&oacute;n o cicatriz deprimida de forma ovalada. Tambi&eacute;n puede estar presente un &laquo;signo de collar de pelo&raquo;, que es un borde de pelos largos y oscuros alrededor de la periferia del defecto. Aunque la mayor&iacute;a de los casos son aislados y los pacientes son saludables por lo dem&aacute;s, algunos casos pueden estar asociados con una anomal&iacute;a esquel&eacute;tica subyacente o un trastorno gen&eacute;tico (s&iacute;ndrome de Bart, hipoplasia d&eacute;rmica focal), en cuyo caso se pueden realizar estudios de imagen. El &uacute;nico tratamiento requerido es el cuidado de la herida hasta que el &aacute;rea sane por completo.    <\/p>\n\n\n\n<h3 class=\"wp-block-heading\">Afecciones del cuero cabelludo<\/h3>\n\n\n\n<p>Hay varias afecciones del cuero cabelludo que pueden causar picaz&oacute;n en el cuero cabelludo, p&eacute;rdida de cabello y descamaci&oacute;n; la mayor&iacute;a se pueden tratar con medicamentos t&oacute;picos para el cuero cabelludo. Entre los m&aacute;s comunes se encuentra la caspa, que hace que las c&eacute;lulas muertas de la piel se descamen y caigan del cuero cabelludo sobre los hombros. Aunque es una molestia y no es atractiva, esta afecci&oacute;n es principalmente cosm&eacute;tica; no resulta en un cuero cabelludo seco, p&eacute;rdida de cabello u otras consecuencias graves, y generalmente se puede tratar con champ&uacute;s anticaspa que contienen ketoconazol, alquitr&aacute;n de piritionato de zinc u &oacute;xido de selenio.  <\/p>\n\n\n\n<p>Otras afecciones comunes incluyen la oleosidad excesiva (seborrea) y las costras aceitosas que se adhieren a la piel del cuero cabelludo inflamada, con picaz&oacute;n y h&uacute;meda (dermatitis seborreica, tambi&eacute;n conocida como costra l&aacute;ctea en los beb&eacute;s). Esta &uacute;ltima afecci&oacute;n tiende a ser la m&aacute;s grave y debe ser tratada por un dermat&oacute;logo u otro m&eacute;dico. Sin embargo, un cuero cabelludo con picaz&oacute;n y la p&eacute;rdida de cabello rara vez van de la mano. Sin embargo, el rascado regular del cuero cabelludo puede provocar la rotura del cabello.   <\/p>\n\n\n\n<h2 class=\"wp-block-heading\">Medicamentos asociados con la p&eacute;rdida de cabello<\/h2>\n\n\n\n<figure class=\"wp-block-table\"><table><thead><tr><th><strong>Efluvio tel&oacute;geno<\/strong><\/th><\/tr><\/thead><tbody><tr><td><strong>Agentes psicotr&oacute;picos<\/strong><br>&ndash; Litio<br>&ndash; Valproato de sodio<br>&ndash; ISRS (fluoxetina)<br><strong>Anticoagulantes<\/strong><br>&ndash; Heparinas de bajo peso molecular<br>(enoxaparina, dalteparina)<br>&ndash; Warfarina<br><strong>Agentes cardiovasculares<\/strong><br>&ndash; Betabloqueantes (Metoprolol, Propranolol)<br>&ndash; Inhibidores de la ECA (Captopril)<br><strong>Cese de anticonceptivos orales \/ retinoides<\/strong><br>&ndash; Acitretina<br>&ndash; Isotretino&iacute;na<br>&ndash; Suplementos de vitamina A<br><strong>Antimicrobianos<\/strong><br>&ndash; Isoniazida<br>&ndash; Antirretrovirales (Indinavir)<\/td><\/tr><\/tbody><\/table><\/figure>\n\n\n\n<figure class=\"wp-block-table\"><table><thead><tr><th><strong>Efluvio an&aacute;geno<\/strong><\/th><\/tr><\/thead><tbody><tr><td colspan=\"2\"><strong>Agentes quimioterap&eacute;uticos<\/strong><br>&ndash; Agentes alquilantes (ciclofosfamida)<br>&ndash; Antraciclinas (daunorrubicina, idarrubicina)<br>&ndash; Taxanos (paclitaxel, docetaxel)<br>&ndash; Alcaloides de la vinca (vinblastina, vincristina)<br>&ndash; Etop&oacute;sido<br>&ndash; Topoisomerasa<br>&ndash; 1 inhibidores (topotec&aacute;n, irinotec&aacute;n)<br>&ndash; Gemcitobina<br>&ndash; Actinomicina D<strong> <\/strong><br><strong>Radiaci&oacute;n<\/strong> <br><strong> <\/strong><\/td><\/tr><\/tbody><\/table><\/figure>\n\n\n\n<figure class=\"wp-block-table\"><table><thead><tr><th><strong>Alopecia androgen&eacute;tica (AGA)<\/strong><\/th><\/tr><\/thead><tbody><tr><td><strong>Agentes androg&eacute;nicos:<\/strong> <em>Puede acentuar la AGA<\/em><br>&ndash; Testosterona<br>&ndash; Esteroides anab&oacute;licos<br>&ndash; DHEA<br>&ndash; Levonorgestrel (Mirena, ciertos anticonceptivos)<\/td><\/tr><\/tbody><\/table><\/figure>\n\n\n\n<p><em><u>Lista de medicamentos tomados de: <\/u><\/em><\/p>\n\n\n\n<ul class=\"wp-block-list\">\n<li><em>Patel M, Harrison S, Sinclair R. Drugs and hair loss. Dermatol Clin. 2013;31(1):67-73.  <\/em><\/li>\n\n\n\n<li><em>Valeyrie-Allanore L, Obeid G, Revuz J. Cap. 21, Tabla 21.15. En J.L. Bolognia, J.V. Schaffer, J. V., &amp; L. Cerroni, (Eds.), Dermatology (4th Edition). Espa&ntilde;a: Elsevier, 2018.   <\/em><\/li>\n<\/ul>\n\n\n\n<h2 class=\"wp-block-heading\">Referencias<\/h2>\n\n\n\n<ul class=\"wp-block-list\">\n<li>An Atlas of hair pathology with clinical correlations, 2<sup>nd<\/sup> Ed por Leonard sperling, Shawn cowper y Eleanor knopp, 2012. Londres: informa healthcare. <\/li>\n\n\n\n<li>Bolognia, J., Schaffer, J. V., &amp; Cerroni, L. (2018). Dermatology (Fourth Edition). [Philadelphia]: Elsevier.  <\/li>\n\n\n\n<li>Rogers NE, Avram MR. Tratamientos m&eacute;dicos para la p&eacute;rdida de cabello de patr&oacute;n masculino y femenino. J Am Acad Dermatol. 2008;59(4):547-66.  <\/li>\n\n\n\n<li>Bolduc C, Sperling LC, Shapiro J. Alopecia cicatricial primaria: Alopecias cicatriciales primarias linfoc&iacute;ticas, incluyendo lupus eritematoso cut&aacute;neo cr&oacute;nico, liquen planopilaris, alopecia fibrosante frontal y s&iacute;ndrome de Graham-Little. J Am Acad Dermatol. 2016;75(6):1081-1099.  <\/li>\n\n\n\n<li>Bolduc C, Sperling LC, Shapiro J. Alopecia cicatricial primaria: Otras alopecias cicatriciales primarias linfoc&iacute;ticas y alopecias cicatriciales primarias neutrof&iacute;licas y mixtas. J Am Acad Dermatol. 2016;75(6):1101-1118.  <\/li>\n\n\n\n<li>Strazzulla LC, Wang EHC, Avila L, Lo Sicco K, Brinster N, Christiano AM, Shapiro J. Alopecia areata: Caracter&iacute;sticas de la enfermedad, evaluaci&oacute;n cl&iacute;nica y nuevas perspectivas sobre la patog&eacute;nesis. J Am Acad Dermatol. 2018;78(1):1-12.  <\/li>\n\n\n\n<li>Strazzulla LC, Wang EHC, Avila L, Lo Sicco K, Brinster N, Christiano AM, Shapiro J. Alopecia areata: Una evaluaci&oacute;n de los nuevos enfoques de tratamiento y una visi&oacute;n general de las terapias actuales. J Am Acad Dermatol. 2018;78(1):15-22.  <\/li>\n\n\n\n<li>Mubki T, Rudnicka L, Olszewska M, Shapiro J. Evaluaci&oacute;n y diagn&oacute;stico del paciente con p&eacute;rdida de cabello: parte I. Historia y exploraci&oacute;n cl&iacute;nica. J Am Acad Dermatol. 2014;71(3):415.e1-415.e15.  <\/li>\n\n\n\n<li>Mubki T, Rudnicka L, Olszewska M, Shapiro J. Evaluaci&oacute;n y diagn&oacute;stico del paciente con p&eacute;rdida de cabello: parte II. Evaluaciones tricosc&oacute;picas y de laboratorio. J Am Acad Dermatol. 2014;71(3):431.e1-431.e11.   <\/li>\n\n\n\n<li>James WD, Elston DM, Berger TG y Andrews GC. (2016). Andrews&rsquo; Diseases of the skin: clinical dermatology, 12<sup>th<\/sup> Edition. [London], Saunders\/ Elsevier. <\/li>\n<\/ul>\n\n\n\n<h2 class=\"wp-block-heading\">Sitios web<\/h2>\n\n\n\n<ul class=\"wp-block-list\">\n<li><a href=\"https:\/\/americanhairresearchsociety.org\/\" target=\"_blank\" rel=\"noopener noreferrer nofollow\">American hair research society<\/a>:<\/li>\n\n\n\n<li><a href=\"https:\/\/scarringalopecia.org\/\" target=\"_blank\" rel=\"noopener noreferrer nofollow\">Scarring alopecia foundation<\/a><\/li>\n<\/ul>\n","protected":false},"excerpt":{"rendered":"<p>Mucha gente se pregunta qu&eacute; causa la p&eacute;rdida de cabello. Las causas de la p&eacute;rdida de cabello var&iacute;an en funci&oacute;n de varios factores, como la gen&eacute;tica (que suele ser la causa de la calvicie o la alopecia), las enfermedades (como la enfermedad tiroidea) y los medicamentos que pueda estar tomando. La mejor manera de descubrir las causas de la p&eacute;rdida &#8230; <\/p>\n<p class=\"read-more-container\"><a title=\"Tipos De P\u00e9rdida De Cabello\" class=\"read-more button\" href=\"https:\/\/ishrs.org\/es\/types-of-hair-loss\/#more-351732\" aria-label=\"Leer m\u00e1s sobre Tipos De P\u00e9rdida De Cabello\">Read more<\/a><\/p>\n","protected":false},"author":15,"featured_media":4874,"parent":0,"menu_order":175,"comment_status":"closed","ping_status":"closed","template":"","meta":{"_stopmodifiedupdate":false,"_modified_date":"","_seopress_robots_primary_cat":"","_seopress_titles_title":"Descubra las causas y soluciones para la p\u00e9rdida de cabello en hombres y mujeres: \u00a1aqu\u00ed le explicamos c\u00f3mo!","_seopress_titles_desc":"Descubra las causas y prevenci\u00f3n de la ca\u00edda del cabello: gen\u00e9tica, salud, estilo de vida, \u00a1y m\u00e1s!","_seopress_robots_index":"","_uag_custom_page_level_css":"","footnotes":"","_links_to":"","_links_to_target":""},"class_list":{"0":"post-351732","1":"page","2":"type-page","3":"status-publish","4":"has-post-thumbnail","6":"no-featured-image-padding"},"spectra_custom_meta":{"_generate-sidebar-layout-meta":["left-sidebar"],"_wpml_media_duplicate":["1"],"_wpml_media_featured":["1"],"_top_nav_excluded":[""],"_cms_nav_minihome":[""],"_wp_page_template":["default"],"_seopress_titles_title":["Descubra las causas y soluciones para la p\u00e9rdida de cabello en hombres y mujeres: \u00a1aqu\u00ed le explicamos c\u00f3mo!"],"_seopress_titles_desc":["Descubra las causas y prevenci\u00f3n de la ca\u00edda del cabello: gen\u00e9tica, salud, estilo de vida, \u00a1y m\u00e1s!"],"_seopress_redirections_logged_status":["both"],"_seopress_redirections_type":["301"],"_last_translation_edit_mode":["native-editor"],"_wpml_word_count":["7042"],"_wpml_media_has_media":["1"],"_thumbnail_id":["4874"],"_uagb_previous_block_counts":["a:90:{s:21:\"uagb\/advanced-heading\";i:0;s:15:\"uagb\/blockquote\";i:0;s:12:\"uagb\/buttons\";i:0;s:18:\"uagb\/buttons-child\";i:0;s:19:\"uagb\/call-to-action\";i:0;s:15:\"uagb\/cf7-styler\";i:0;s:11:\"uagb\/column\";i:0;s:12:\"uagb\/columns\";i:0;s:14:\"uagb\/container\";i:0;s:21:\"uagb\/content-timeline\";i:0;s:27:\"uagb\/content-timeline-child\";i:0;s:14:\"uagb\/countdown\";i:0;s:12:\"uagb\/counter\";i:0;s:8:\"uagb\/faq\";i:0;s:14:\"uagb\/faq-child\";i:0;s:10:\"uagb\/forms\";i:0;s:17:\"uagb\/forms-accept\";i:0;s:19:\"uagb\/forms-checkbox\";i:0;s:15:\"uagb\/forms-date\";i:0;s:16:\"uagb\/forms-email\";i:0;s:17:\"uagb\/forms-hidden\";i:0;s:15:\"uagb\/forms-name\";i:0;s:16:\"uagb\/forms-phone\";i:0;s:16:\"uagb\/forms-radio\";i:0;s:17:\"uagb\/forms-select\";i:0;s:19:\"uagb\/forms-textarea\";i:0;s:17:\"uagb\/forms-toggle\";i:0;s:14:\"uagb\/forms-url\";i:0;s:14:\"uagb\/gf-styler\";i:0;s:15:\"uagb\/google-map\";i:0;s:11:\"uagb\/how-to\";i:0;s:16:\"uagb\/how-to-step\";i:0;s:9:\"uagb\/icon\";i:0;s:14:\"uagb\/icon-list\";i:0;s:20:\"uagb\/icon-list-child\";i:0;s:10:\"uagb\/image\";i:0;s:18:\"uagb\/image-gallery\";i:0;s:13:\"uagb\/info-box\";i:0;s:18:\"uagb\/inline-notice\";i:0;s:11:\"uagb\/lottie\";i:0;s:21:\"uagb\/marketing-button\";i:0;s:10:\"uagb\/modal\";i:0;s:18:\"uagb\/popup-builder\";i:0;s:16:\"uagb\/post-button\";i:0;s:18:\"uagb\/post-carousel\";i:0;s:17:\"uagb\/post-excerpt\";i:0;s:14:\"uagb\/post-grid\";i:0;s:15:\"uagb\/post-image\";i:0;s:17:\"uagb\/post-masonry\";i:0;s:14:\"uagb\/post-meta\";i:0;s:18:\"uagb\/post-taxonomy\";i:0;s:18:\"uagb\/post-timeline\";i:0;s:15:\"uagb\/post-title\";i:0;s:20:\"uagb\/restaurant-menu\";i:0;s:26:\"uagb\/restaurant-menu-child\";i:0;s:11:\"uagb\/review\";i:0;s:12:\"uagb\/section\";i:0;s:14:\"uagb\/separator\";i:0;s:11:\"uagb\/slider\";i:0;s:17:\"uagb\/slider-child\";i:0;s:17:\"uagb\/social-share\";i:0;s:23:\"uagb\/social-share-child\";i:0;s:16:\"uagb\/star-rating\";i:0;s:23:\"uagb\/sure-cart-checkout\";i:0;s:22:\"uagb\/sure-cart-product\";i:0;s:15:\"uagb\/sure-forms\";i:0;s:22:\"uagb\/table-of-contents\";i:0;s:9:\"uagb\/tabs\";i:0;s:15:\"uagb\/tabs-child\";i:0;s:18:\"uagb\/taxonomy-list\";i:0;s:9:\"uagb\/team\";i:0;s:16:\"uagb\/testimonial\";i:0;s:14:\"uagb\/wp-search\";i:0;s:19:\"uagb\/instagram-feed\";i:0;s:10:\"uagb\/login\";i:0;s:17:\"uagb\/loop-builder\";i:0;s:18:\"uagb\/loop-category\";i:0;s:20:\"uagb\/loop-pagination\";i:0;s:15:\"uagb\/loop-reset\";i:0;s:16:\"uagb\/loop-search\";i:0;s:14:\"uagb\/loop-sort\";i:0;s:17:\"uagb\/loop-wrapper\";i:0;s:13:\"uagb\/register\";i:0;s:19:\"uagb\/register-email\";i:0;s:24:\"uagb\/register-first-name\";i:0;s:23:\"uagb\/register-last-name\";i:0;s:22:\"uagb\/register-password\";i:0;s:30:\"uagb\/register-reenter-password\";i:0;s:19:\"uagb\/register-terms\";i:0;s:22:\"uagb\/register-username\";i:0;}"],"_edit_lock":["1777766055:2552"],"_edit_last":["2552"],"_seopress_video":["a:1:{i:0;a:8:{s:3:\"url\";s:0:\"\";s:5:\"title\";s:0:\"\";s:4:\"desc\";s:0:\"\";s:9:\"thumbnail\";s:0:\"\";s:8:\"duration\";s:0:\"\";s:6:\"rating\";s:0:\"\";s:10:\"view_count\";s:0:\"\";s:3:\"tag\";s:0:\"\";}}"],"_seopress_analysis_target_kw":[""],"dpsp_share_options_json":["{\"custom_image\":{\"id\":\"\",\"src\":\"\"},\"custom_title\":\"\",\"custom_description\":\"\",\"custom_image_pinterest\":{\"id\":\"\",\"src\":\"\"},\"custom_title_pinterest\":\"\",\"custom_description_pinterest\":\"\",\"custom_tweet\":\"\"}"],"dpsp_share_options":["a:7:{s:12:\"custom_image\";a:2:{s:2:\"id\";s:0:\"\";s:3:\"src\";s:0:\"\";}s:12:\"custom_title\";s:0:\"\";s:18:\"custom_description\";s:0:\"\";s:22:\"custom_image_pinterest\";a:2:{s:2:\"id\";s:0:\"\";s:3:\"src\";s:0:\"\";}s:22:\"custom_title_pinterest\";s:0:\"\";s:28:\"custom_description_pinterest\";s:0:\"\";s:12:\"custom_tweet\";s:0:\"\";}"],"dpsp_post_single_previous_urls_json":["[]"],"dpsp_post_single_previous_urls":["a:0:{}"],"dpsp_networks_shares":["a:4:{s:8:\"facebook\";i:0;s:9:\"pinterest\";i:0;s:6:\"reddit\";i:0;s:7:\"twitter\";i:0;}"],"dpsp_networks_shares_json":["{\"facebook\":0,\"pinterest\":0,\"reddit\":0,\"twitter\":0}"],"dpsp_networks_shares_total":["0"],"dpsp_networks_shares_last_updated":["1777762484"],"_uag_page_assets":["a:9:{s:3:\"css\";s:0:\"\";s:2:\"js\";s:0:\"\";s:18:\"current_block_list\";a:6:{i:0;s:14:\"core\/paragraph\";i:1;s:12:\"core\/heading\";i:2;s:10:\"core\/image\";i:3;s:9:\"core\/list\";i:4;s:14:\"core\/list-item\";i:5;s:10:\"core\/table\";}s:8:\"uag_flag\";b:0;s:11:\"uag_version\";s:10:\"1777805164\";s:6:\"gfonts\";a:0:{}s:10:\"gfonts_url\";s:0:\"\";s:12:\"gfonts_files\";a:0:{}s:14:\"uag_faq_layout\";b:0;}"]},"uagb_featured_image_src":{"full":["https:\/\/luchafight.ishrs.org\/wp-content\/uploads\/2018\/08\/AdobeStock_133590978-scaled.jpeg",2560,1978,false],"thumbnail":["https:\/\/luchafight.ishrs.org\/wp-content\/uploads\/2018\/08\/AdobeStock_133590978-400x400.jpeg",400,400,true],"medium":["https:\/\/luchafight.ishrs.org\/wp-content\/uploads\/2018\/08\/AdobeStock_133590978-600x464.jpeg",600,464,true],"medium_large":["https:\/\/luchafight.ishrs.org\/wp-content\/uploads\/2018\/08\/AdobeStock_133590978-768x593.jpeg",768,593,true],"large":["https:\/\/luchafight.ishrs.org\/wp-content\/uploads\/2018\/08\/AdobeStock_133590978-1024x791.jpeg",1024,791,true],"1536x1536":["https:\/\/luchafight.ishrs.org\/wp-content\/uploads\/2018\/08\/AdobeStock_133590978-1536x1187.jpeg",1536,1187,true],"2048x2048":["https:\/\/luchafight.ishrs.org\/wp-content\/uploads\/2018\/08\/AdobeStock_133590978-2048x1583.jpeg",2048,1583,true]},"uagb_author_info":{"display_name":"Editorial Staff","author_link":"https:\/\/ishrs.org\/es\/author\/blanca-mejia\/"},"uagb_comment_info":0,"uagb_excerpt":"Mucha gente se pregunta qu&eacute; causa la p&eacute;rdida de cabello. Las causas de la p&eacute;rdida de cabello var&iacute;an en funci&oacute;n de varios factores, como la gen&eacute;tica (que suele ser la causa de la calvicie o la alopecia), las enfermedades (como la enfermedad tiroidea) y los medicamentos que pueda estar tomando. La mejor manera de descubrir&hellip;","ase":null,"_links":{"self":[{"href":"https:\/\/ishrs.org\/es\/wp-json\/wp\/v2\/pages\/351732","targetHints":{"allow":["GET"]}}],"collection":[{"href":"https:\/\/ishrs.org\/es\/wp-json\/wp\/v2\/pages"}],"about":[{"href":"https:\/\/ishrs.org\/es\/wp-json\/wp\/v2\/types\/page"}],"author":[{"embeddable":true,"href":"https:\/\/ishrs.org\/es\/wp-json\/wp\/v2\/users\/15"}],"replies":[{"embeddable":true,"href":"https:\/\/ishrs.org\/es\/wp-json\/wp\/v2\/comments?post=351732"}],"version-history":[{"count":7,"href":"https:\/\/ishrs.org\/es\/wp-json\/wp\/v2\/pages\/351732\/revisions"}],"predecessor-version":[{"id":492284,"href":"https:\/\/ishrs.org\/es\/wp-json\/wp\/v2\/pages\/351732\/revisions\/492284"}],"wp:featuredmedia":[{"embeddable":true,"href":"https:\/\/ishrs.org\/es\/wp-json\/wp\/v2\/media\/4874"}],"wp:attachment":[{"href":"https:\/\/ishrs.org\/es\/wp-json\/wp\/v2\/media?parent=351732"}],"curies":[{"name":"wp","href":"https:\/\/api.w.org\/{rel}","templated":true}]}}